{"id":42,"date":"2024-02-19T11:37:48","date_gmt":"2024-02-19T10:37:48","guid":{"rendered":"https:\/\/www.elprovencio.com\/turismo\/?page_id=42"},"modified":"2024-03-20T21:01:33","modified_gmt":"2024-03-20T20:01:33","slug":"historia","status":"publish","type":"page","link":"https:\/\/www.elprovencio.com\/turismo\/historia\/","title":{"rendered":"Nuestra historia"},"content":{"rendered":"<p>La abundancia de agua tan preciada en la antig\u00fcedad a la hora de levantar asentamientos, debi\u00f3 de ser la raz\u00f3n por la cual el Infante D. Juan Manuel se decant\u00f3 por este lugar para fundar la villa de El Provencio, tal y como se dice en las Relaciones Topogr\u00e1ficas de Felipe II: \u00abDecimos, por lo que hemos o\u00eddo a personas antiguas: que a 300 a\u00f1os m\u00e1s o menos, se dice que lo fund\u00f3 D. Juan Manuel este lugar, y esto decimos de o\u00eddas\u00bb. Las primeras citas de esta villa datan de 1.318 y 1.348.<\/p>\n<figure id=\"attachment_239\" aria-describedby=\"caption-attachment-239\" style=\"width: 300px\" class=\"wp-caption alignnone\"><img data-recalc-dims=\"1\" loading=\"lazy\" decoding=\"async\" data-attachment-id=\"239\" data-permalink=\"https:\/\/www.elprovencio.com\/turismo\/historia\/don-juan-manuel\/\" data-orig-file=\"https:\/\/i0.wp.com\/www.elprovencio.com\/turismo\/wp-content\/uploads\/2024\/02\/Don-Juan-Manuel.jpg?fit=765%2C721&amp;ssl=1\" data-orig-size=\"765,721\" data-comments-opened=\"1\" data-image-meta=\"{&quot;aperture&quot;:&quot;0&quot;,&quot;credit&quot;:&quot;&quot;,&quot;camera&quot;:&quot;&quot;,&quot;caption&quot;:&quot;&quot;,&quot;created_timestamp&quot;:&quot;0&quot;,&quot;copyright&quot;:&quot;&quot;,&quot;focal_length&quot;:&quot;0&quot;,&quot;iso&quot;:&quot;0&quot;,&quot;shutter_speed&quot;:&quot;0&quot;,&quot;title&quot;:&quot;&quot;,&quot;orientation&quot;:&quot;1&quot;}\" data-image-title=\"Don Juan Manuel\" data-image-description=\"\" data-image-caption=\"\" data-medium-file=\"https:\/\/i0.wp.com\/www.elprovencio.com\/turismo\/wp-content\/uploads\/2024\/02\/Don-Juan-Manuel.jpg?fit=300%2C283&amp;ssl=1\" data-large-file=\"https:\/\/i0.wp.com\/www.elprovencio.com\/turismo\/wp-content\/uploads\/2024\/02\/Don-Juan-Manuel.jpg?fit=765%2C721&amp;ssl=1\" tabindex=\"0\" role=\"button\" class=\"wp-image-239 size-medium\" src=\"https:\/\/i0.wp.com\/www.elprovencio.com\/turismo\/wp-content\/uploads\/2024\/02\/Don-Juan-Manuel.jpg?resize=300%2C283&#038;ssl=1\" alt=\"Don Juan Manuel\" width=\"300\" height=\"283\" \/><figcaption id=\"caption-attachment-239\" class=\"wp-caption-text\">Don Juan Manuel<\/figcaption><\/figure>\n<p>Este hecho sucedi\u00f3 cuando este eminente literato y noble era se\u00f1or de Alarc\u00f3n. A este belicoso personaje, nieto, primo, t\u00edo, yerno y padre de reyes, solo le faltaba coronarse a s\u00ed mismo. Esto no le hac\u00eda falta: fue regente, adelantado de Murcia, pr\u00edncipe, duque, y su poder fue igualado por su ambici\u00f3n. Su nombre infund\u00eda terror en Castilla, pero adem\u00e1s de ser conocido por su nobleza y por su afici\u00f3n a las letras, era conocido por sus violentas y salvajes venganzas. Con sus vasallos siempre fue distinto: fue paternalista y considerado, aunque no d\u00e9bil, se ocup\u00f3 de terminar la repoblaci\u00f3n de sus dominios emprendida por su padre, trajo colonos, dio facilidades para el asentamiento y lleg\u00f3 a distribuir sus propias tierras entre los vecinos de algunos pueblos.<\/p>\n<p>Los Manuel, padre e hijo, fueron los creadores de sus estados y art\u00edfices de su poblamiento y unificaci\u00f3n progresiva. Ello dio lugar a que fueran obedecidos con gusto por sus vasallos. Se cas\u00f3 por segunda vez con la hija de Jaime II de Arag\u00f3n.<\/p>\n<p>El Provencio es uno de tantos pueblos que formaban parte de la Mancha de Montearag\u00f3n. Esta zona-tap\u00f3n estaba situada entre la Mancha de las \u00f3rdenes militares y los pueblos del Adelantamiento de Murcia.<\/p>\n<p>Don Alfonso de Arag\u00f3n, noble aragon\u00e9s de estirpe real, lleg\u00f3 a ser por este reino conde de Denia, conde de Ribagorza, duque de Gand\u00eda y aspirante al trono de este reino por el Compromiso de Caspe. Por merced de Enrique II de Castilla, fue nombrado primer Marqu\u00e9s de Villena. Lleg\u00f3 a ser pr\u00edncipe condestable castellano.<\/p>\n<p>Don Alfonso, al obtener este marquesado, encomend\u00f3 al gobierno de \u00e9l a su pariente y mayordomo mayor Don Luis S\u00e1nchez de Calatayud, a quien, como merced, don\u00f3 en 1.372 el se\u00f1or\u00edo de El Provencio. De \u00e9l nace el trono de la casa de los se\u00f1ores de esta villa, cuyo apellido Calatayud desciende a su vez de Sancho Abarca o Zapata, rey de Navarra.<\/p>\n<p><img data-recalc-dims=\"1\" loading=\"lazy\" decoding=\"async\" data-attachment-id=\"241\" data-permalink=\"https:\/\/www.elprovencio.com\/turismo\/historia\/escudo-armas-calatayud\/\" data-orig-file=\"https:\/\/i0.wp.com\/www.elprovencio.com\/turismo\/wp-content\/uploads\/2024\/02\/Escudo-Armas-Calatayud.jpeg?fit=284%2C399&amp;ssl=1\" data-orig-size=\"284,399\" data-comments-opened=\"1\" data-image-meta=\"{&quot;aperture&quot;:&quot;0&quot;,&quot;credit&quot;:&quot;&quot;,&quot;camera&quot;:&quot;&quot;,&quot;caption&quot;:&quot;&quot;,&quot;created_timestamp&quot;:&quot;0&quot;,&quot;copyright&quot;:&quot;&quot;,&quot;focal_length&quot;:&quot;0&quot;,&quot;iso&quot;:&quot;0&quot;,&quot;shutter_speed&quot;:&quot;0&quot;,&quot;title&quot;:&quot;&quot;,&quot;orientation&quot;:&quot;0&quot;}\" data-image-title=\"Escudo Armas Calatayud\" data-image-description=\"\" data-image-caption=\"\" data-medium-file=\"https:\/\/i0.wp.com\/www.elprovencio.com\/turismo\/wp-content\/uploads\/2024\/02\/Escudo-Armas-Calatayud.jpeg?fit=214%2C300&amp;ssl=1\" data-large-file=\"https:\/\/i0.wp.com\/www.elprovencio.com\/turismo\/wp-content\/uploads\/2024\/02\/Escudo-Armas-Calatayud.jpeg?fit=284%2C399&amp;ssl=1\" tabindex=\"0\" role=\"button\" class=\"alignnone size-medium wp-image-241\" src=\"https:\/\/i0.wp.com\/www.elprovencio.com\/turismo\/wp-content\/uploads\/2024\/02\/Escudo-Armas-Calatayud.jpeg?resize=214%2C300&#038;ssl=1\" alt=\"Escudo Armas Calatayud\" width=\"214\" height=\"300\" \/><\/p>\n<p>Los Se\u00f1ores de Calatayud no fueron adorados por sus vasallos, sino que estuvieron en continuos pleitos por la arbitrariedad de los se\u00f1ores que impon\u00edan estancos y todo tipo de condenas f\u00edsicas y de trabajos forzados a sus siervos. Uno de los hechos m\u00e1s importantes que afect\u00f3 a la villa fue la <strong>Guerra de las Comunidades<\/strong> que a punto estuvo de liberar al pueblo del yugo se\u00f1orial y unirse a la Corona Real.<\/p>\n<p>El Camino Real que un\u00eda Madrid con Cartagena pasaba por El Provencio, lo que favoreci\u00f3 la creaci\u00f3n de una red de servicios en forma de ventas, paradores y tiendas que surt\u00edan a estos viajeros. En esta \u00e9poca llegaron personajes como Carlos V, futuras reinas de Espa\u00f1a, Santa Teresa de Jes\u00fas y muchos viajeros y historiadores que relataron su visita por la villa.<\/p>\n<p>Sin embargo no todo fueron riquezas lo que llegaba por el camino sino que las continuas guerras tambi\u00e9n tra\u00edan soldados a los que eran obligados a alojar y alimentar sin cobrar por ello.<\/p>\n<p>El pueblo crec\u00eda gracias al comercio y a la producci\u00f3n de azafr\u00e1n y vino. Convirti\u00e9ndose en uno de los pueblos m\u00e1s grandes de la comarca. Sin embargo la llegada de un brote de c\u00f3lera que arreci\u00f3 a toda Europa, se ceb\u00f3 con El Provencio debi\u00f3 a lo insalubre de nuestro r\u00edo Z\u00e1ncara. El resultado fue que acab\u00f3 con gran parte de la poblaci\u00f3n, que los que no huyeron, murieron en el pueblo.<\/p>\n<p>Entrado el siglo XX la poblaci\u00f3n empez\u00f3 a recuperarse pero ya los pueblos de alrededor hab\u00edan doblado su poblaci\u00f3n, lo que culmin\u00f3 con el par\u00f3n que supuso la Guerra Civil Espa\u00f1ola y el desarrollo del ferrocarril redujo en n\u00famero de viajeros que paraban en el pueblo.<\/p>\n<p><strong>TOPONIMIA<\/strong><\/p>\n<p>Son muchas las leyendas en el pueblo, que intentan dar una explicaci\u00f3n m\u00e1s o menos cre\u00edble al origen del nombre del pueblo. Sin duda una de las m\u00e1s conocidas es la que sit\u00faa su origen en la \u201c<strong>Venta del Pro<\/strong>\u201d, ya que en este cruce de caminos entre los caminos reales que iban a Cartagena y Granada, hab\u00eda gran cantidad de ventas, lo que en aquellos tiempos eran las posadas donde se serv\u00edan comidas a los viajeros. Despu\u00e9s las diferentes historias contaban que hubo un enfrentamiento en este lugar que trajo como resultado, que los de la \u201cVenta del Pro\u201d, el antiguo nombre con el que se conoc\u00eda al pueblo, salieran victoriosos por lo que el pueblo pas\u00f3 a ser conocido por el \u201cPro-venci\u00f3\u201d.<\/p>\n<p>Hoy sabemos por uno de los registros de la Chanciller\u00eda de Granada, que hubo un pleito por las tierras de pastos entre las Pedro\u00f1eras y Santiago la Torre. Para resolver la disputa Don Juan Manuel tuvo que presentar la <strong>Carta Puebla de El Provencio<\/strong>, donde se establec\u00eda la libre circulaci\u00f3n del ganado por las tierras de Alarc\u00f3n. En este documento con fecha 23 de marzo de 1319, Don Juan Manuel conced\u00eda a los vecinos de El Provencio los siguientes privilegios: <em>\u201c&#8230;otorgo a todos los que vinieren morar al <strong>Proven\u00e7io<\/strong> de fuera de la mi tierra que yo no les demande pecho ni pedido ni otro tributo ninguno\u2026<\/em>\u201d. As\u00ed pues, sabemos que Don Juan Manuel cuando lleg\u00f3 a estas tierras, ya era conocido por este nombre y no por ning\u00fan otro.<\/p>\n<p><img data-recalc-dims=\"1\" loading=\"lazy\" decoding=\"async\" data-attachment-id=\"242\" data-permalink=\"https:\/\/www.elprovencio.com\/turismo\/historia\/el-provencio-escrito\/\" data-orig-file=\"https:\/\/i0.wp.com\/www.elprovencio.com\/turismo\/wp-content\/uploads\/2024\/02\/El-Provencio-escrito.jpg?fit=640%2C502&amp;ssl=1\" data-orig-size=\"640,502\" data-comments-opened=\"1\" data-image-meta=\"{&quot;aperture&quot;:&quot;0&quot;,&quot;credit&quot;:&quot;&quot;,&quot;camera&quot;:&quot;&quot;,&quot;caption&quot;:&quot;&quot;,&quot;created_timestamp&quot;:&quot;0&quot;,&quot;copyright&quot;:&quot;&quot;,&quot;focal_length&quot;:&quot;0&quot;,&quot;iso&quot;:&quot;0&quot;,&quot;shutter_speed&quot;:&quot;0&quot;,&quot;title&quot;:&quot;&quot;,&quot;orientation&quot;:&quot;1&quot;}\" data-image-title=\"El Provencio escrito\" data-image-description=\"\" data-image-caption=\"\" data-medium-file=\"https:\/\/i0.wp.com\/www.elprovencio.com\/turismo\/wp-content\/uploads\/2024\/02\/El-Provencio-escrito.jpg?fit=300%2C235&amp;ssl=1\" data-large-file=\"https:\/\/i0.wp.com\/www.elprovencio.com\/turismo\/wp-content\/uploads\/2024\/02\/El-Provencio-escrito.jpg?fit=640%2C502&amp;ssl=1\" tabindex=\"0\" role=\"button\" class=\"alignnone size-medium wp-image-242\" src=\"https:\/\/i0.wp.com\/www.elprovencio.com\/turismo\/wp-content\/uploads\/2024\/02\/El-Provencio-escrito-300x235.jpg?resize=300%2C235&#038;ssl=1\" alt=\"El Provencio escrito\" width=\"300\" height=\"235\" \/><\/p>\n<p>Por tanto, otra de las teor\u00edas que sit\u00faa su nombre a la migraci\u00f3n de gente proveniente de la Provenza francesa en \u00e9poca del <strong>Se\u00f1or\u00edo de Calatayud<\/strong>, tampoco tendr\u00eda ning\u00fan sentido, ya que este nombre ya exist\u00eda mucho antes de que Luis de Calatayud pisara El Provencio. As\u00ed pues, solo nos queda pensar que tuviera que venir su nombre de un top\u00f3nimo del lugar. Igual que le pas\u00f3 a nuestro r\u00edo Z\u00e1ncara cuyo nombre \u00e1rabe ya nos indica que era un r\u00edo \u201csin agua\u201d.<\/p>\n<p>Para resolver este enigma, a d\u00eda de hoy tenemos dos teor\u00edas que ser\u00edan las m\u00e1s realistas:<\/p>\n<p>La primera nos dice que el origen viene del \u00a0t\u00e9rmino latino \u00ab<strong>proventum<\/strong>\u00ab, que por evoluci\u00f3n del lat\u00edn se convirti\u00f3 en \u00abprovencio\u00bb y que significa acontecimiento. Ya que para los primeros pobladores ser\u00eda visto como \u00abun acontecimiento\u00bb el desbordamiento del r\u00edo Z\u00e1ncara que anegaba los campos y que en ocasiones provocaba grandes desastres, como veremos a lo largo de la historia. Posteriormente el t\u00e9rmino evolucionar\u00eda a \u00abEl Provencio\u00bb (El Acontecimiento).<\/p>\n<p>La segunda, tambi\u00e9n vendr\u00eda del lat\u00edn pero de la palabra \u201c<strong>provincius<\/strong>\u201d (provincia), y que podr\u00eda formar parte del nombre de alguna finca situada en las inmediaciones de la poblaci\u00f3n.<\/p>\n<p>En definitiva, siempre nos quedar\u00e1 la duda de cu\u00e1l fue el origen del nombre de El Provencio, pues tal como se puede leer en las \u00abRelaciones Topogr\u00e1ficas de Felipe II\u00bb ninguno de sus vecinos recordaba ni hab\u00eda o\u00eddo hablar de cual hab\u00eda sido el origen de su nombre y, por lo que sab\u00edan, siempre se hab\u00eda llamado <strong>El Provencio<\/strong>.<\/p>\n","protected":false},"excerpt":{"rendered":"<div class=\"mh-excerpt\"><p>La abundancia de agua tan preciada en la antig\u00fcedad a la hora de levantar asentamientos, debi\u00f3 de ser la raz\u00f3n por la cual el Infante <a class=\"mh-excerpt-more\" href=\"https:\/\/www.elprovencio.com\/turismo\/historia\/\" title=\"Nuestra historia\">[&#8230;]<\/a><\/p>\n<\/div>","protected":false},"author":1,"featured_media":0,"parent":0,"menu_order":0,"comment_status":"closed","ping_status":"closed","template":"template-full.php","meta":{"footnotes":""},"class_list":["post-42","page","type-page","status-publish","hentry"],"aioseo_notices":[],"jetpack_sharing_enabled":true,"rttpg_featured_image_url":null,"rttpg_author":{"display_name":"Triguero","author_link":"https:\/\/www.elprovencio.com\/turismo\/author\/triguero\/"},"rttpg_comment":0,"rttpg_category":null,"rttpg_excerpt":"La abundancia de agua tan preciada en la antig\u00fcedad a la hora de levantar asentamientos, debi\u00f3 de ser la raz\u00f3n por la cual el Infante [...]","_links":{"self":[{"href":"https:\/\/www.elprovencio.com\/turismo\/wp-json\/wp\/v2\/pages\/42","targetHints":{"allow":["GET"]}}],"collection":[{"href":"https:\/\/www.elprovencio.com\/turismo\/wp-json\/wp\/v2\/pages"}],"about":[{"href":"https:\/\/www.elprovencio.com\/turismo\/wp-json\/wp\/v2\/types\/page"}],"author":[{"embeddable":true,"href":"https:\/\/www.elprovencio.com\/turismo\/wp-json\/wp\/v2\/users\/1"}],"replies":[{"embeddable":true,"href":"https:\/\/www.elprovencio.com\/turismo\/wp-json\/wp\/v2\/comments?post=42"}],"version-history":[{"count":0,"href":"https:\/\/www.elprovencio.com\/turismo\/wp-json\/wp\/v2\/pages\/42\/revisions"}],"wp:attachment":[{"href":"https:\/\/www.elprovencio.com\/turismo\/wp-json\/wp\/v2\/media?parent=42"}],"curies":[{"name":"wp","href":"https:\/\/api.w.org\/{rel}","templated":true}]}}