{"id":578,"date":"2024-04-08T17:24:16","date_gmt":"2024-04-08T15:24:16","guid":{"rendered":"https:\/\/www.elprovencio.com\/turismo\/?page_id=578"},"modified":"2024-04-08T19:31:51","modified_gmt":"2024-04-08T17:31:51","slug":"hermandad-virgen-del-rosario-y-san-roque","status":"publish","type":"page","link":"https:\/\/www.elprovencio.com\/turismo\/hermandad-virgen-del-rosario-y-san-roque\/","title":{"rendered":"Hermandad Virgen del Rosario y San Roque"},"content":{"rendered":"<p>La Virgen del Rosario es la patrona de El Provencio. La imagen actual data de la d\u00e9cada de los 40, cuando se mand\u00f3 tallar para ocupar el hueco dejado por la anterior talla barroca que se perdi\u00f3 en la Guerra Civil. De la misma, solo hab\u00eda podido salvarse un \u00e1ngel que, a petici\u00f3n de Tomasa Sahuquillo, vecina que pag\u00f3 la nueva imagen, se incorpor\u00f3 a ella. O al menos eso se cre\u00eda.<\/p>\n<p>La sorpresa para todos los provencianos llegaba en 2015 cuando la hija de la mecenas, Rosario, anunciaba que su madre tambi\u00e9n hab\u00eda conservado el busto de la Virgen, (aunque en este caso, al quedar tan deteriorada, no pudo colocarse como el \u00e1ngel) y que era su deseo donarlo a la parroquia y al pueblo.<\/p>\n","protected":false},"excerpt":{"rendered":"<div class=\"mh-excerpt\"><p>La Virgen del Rosario es la patrona de El Provencio. La imagen actual data de la d\u00e9cada de los 40, cuando se mand\u00f3 tallar para <a class=\"mh-excerpt-more\" href=\"https:\/\/www.elprovencio.com\/turismo\/hermandad-virgen-del-rosario-y-san-roque\/\" title=\"Hermandad Virgen del Rosario y San Roque\">[&#8230;]<\/a><\/p>\n<\/div>","protected":false},"author":1,"featured_media":588,"parent":0,"menu_order":0,"comment_status":"closed","ping_status":"closed","template":"template-full.php","meta":{"footnotes":""},"class_list":["post-578","page","type-page","status-publish","has-post-thumbnail","hentry"],"aioseo_notices":[],"jetpack_sharing_enabled":true,"rttpg_featured_image_url":{"full":["https:\/\/i0.wp.com\/www.elprovencio.com\/turismo\/wp-content\/uploads\/2024\/04\/Virgen-del-Rosario-.jpg?fit=634%2C1024&ssl=1",634,1024,false],"landscape":["https:\/\/www.elprovencio.com\/turismo\/wp-content\/uploads\/2024\/04\/Virgen-del-Rosario-.jpg",634,1024,false],"portraits":["https:\/\/www.elprovencio.com\/turismo\/wp-content\/uploads\/2024\/04\/Virgen-del-Rosario-.jpg",634,1024,false],"thumbnail":["https:\/\/i0.wp.com\/www.elprovencio.com\/turismo\/wp-content\/uploads\/2024\/04\/Virgen-del-Rosario-.jpg?resize=150%2C150&ssl=1",150,150,true],"medium":["https:\/\/i0.wp.com\/www.elprovencio.com\/turismo\/wp-content\/uploads\/2024\/04\/Virgen-del-Rosario-.jpg?fit=186%2C300&ssl=1",186,300,true],"large":["https:\/\/i0.wp.com\/www.elprovencio.com\/turismo\/wp-content\/uploads\/2024\/04\/Virgen-del-Rosario-.jpg?fit=634%2C1024&ssl=1",634,1024,true],"1536x1536":["https:\/\/i0.wp.com\/www.elprovencio.com\/turismo\/wp-content\/uploads\/2024\/04\/Virgen-del-Rosario-.jpg?fit=634%2C1024&ssl=1",634,1024,true],"2048x2048":["https:\/\/i0.wp.com\/www.elprovencio.com\/turismo\/wp-content\/uploads\/2024\/04\/Virgen-del-Rosario-.jpg?fit=634%2C1024&ssl=1",634,1024,true],"mh-magazine-lite-slider":["https:\/\/i0.wp.com\/www.elprovencio.com\/turismo\/wp-content\/uploads\/2024\/04\/Virgen-del-Rosario-.jpg?resize=634%2C438&ssl=1",634,438,true],"mh-magazine-lite-content":["https:\/\/i0.wp.com\/www.elprovencio.com\/turismo\/wp-content\/uploads\/2024\/04\/Virgen-del-Rosario-.jpg?resize=634%2C381&ssl=1",634,381,true],"mh-magazine-lite-large":["https:\/\/i0.wp.com\/www.elprovencio.com\/turismo\/wp-content\/uploads\/2024\/04\/Virgen-del-Rosario-.jpg?resize=634%2C509&ssl=1",634,509,true],"mh-magazine-lite-medium":["https:\/\/i0.wp.com\/www.elprovencio.com\/turismo\/wp-content\/uploads\/2024\/04\/Virgen-del-Rosario-.jpg?resize=326%2C245&ssl=1",326,245,true],"mh-magazine-lite-small":["https:\/\/i0.wp.com\/www.elprovencio.com\/turismo\/wp-content\/uploads\/2024\/04\/Virgen-del-Rosario-.jpg?resize=80%2C60&ssl=1",80,60,true]},"rttpg_author":{"display_name":"Triguero","author_link":"https:\/\/www.elprovencio.com\/turismo\/author\/triguero\/"},"rttpg_comment":0,"rttpg_category":null,"rttpg_excerpt":"La Virgen del Rosario es la patrona de El Provencio. La imagen actual data de la d\u00e9cada de los 40, cuando se mand\u00f3 tallar para [...]","_links":{"self":[{"href":"https:\/\/www.elprovencio.com\/turismo\/wp-json\/wp\/v2\/pages\/578","targetHints":{"allow":["GET"]}}],"collection":[{"href":"https:\/\/www.elprovencio.com\/turismo\/wp-json\/wp\/v2\/pages"}],"about":[{"href":"https:\/\/www.elprovencio.com\/turismo\/wp-json\/wp\/v2\/types\/page"}],"author":[{"embeddable":true,"href":"https:\/\/www.elprovencio.com\/turismo\/wp-json\/wp\/v2\/users\/1"}],"replies":[{"embeddable":true,"href":"https:\/\/www.elprovencio.com\/turismo\/wp-json\/wp\/v2\/comments?post=578"}],"version-history":[{"count":3,"href":"https:\/\/www.elprovencio.com\/turismo\/wp-json\/wp\/v2\/pages\/578\/revisions"}],"predecessor-version":[{"id":593,"href":"https:\/\/www.elprovencio.com\/turismo\/wp-json\/wp\/v2\/pages\/578\/revisions\/593"}],"wp:featuredmedia":[{"embeddable":true,"href":"https:\/\/www.elprovencio.com\/turismo\/wp-json\/wp\/v2\/media\/588"}],"wp:attachment":[{"href":"https:\/\/www.elprovencio.com\/turismo\/wp-json\/wp\/v2\/media?parent=578"}],"curies":[{"name":"wp","href":"https:\/\/api.w.org\/{rel}","templated":true}]}}