{"id":62,"date":"2024-02-19T11:47:58","date_gmt":"2024-02-19T10:47:58","guid":{"rendered":"https:\/\/www.elprovencio.com\/turismo\/?page_id=62"},"modified":"2024-03-18T09:54:46","modified_gmt":"2024-03-18T08:54:46","slug":"caminos-de-agua","status":"publish","type":"page","link":"https:\/\/www.elprovencio.com\/turismo\/caminos-de-agua\/","title":{"rendered":"Caminos de agua"},"content":{"rendered":"<div class=\"single-post\">\n<div class=\"entry\">\n<p>Cada a\u00f1o en el mes de noviembre realizamos la ruta de senderismo <span class=\"x193iq5w xeuugli x13faqbe x1vvkbs x1xmvt09 x1lliihq x1s928wv xhkezso x1gmr53x x1cpjm7i x1fgarty x1943h6x xudqn12 x3x7a5m x6prxxf xvq8zen xo1l8bm xzsf02u x1yc453h\" dir=\"auto\">Celtiberia. Una ruta sencilla de unos 8 km donde toma protagonismo nuestro r\u00edo Z\u00e1ncara y donde ponemos en valor sus paisajes y los restos de arquitectura tradicional que le acompa\u00f1a.<\/span><\/p>\n<figure id=\"attachment_354\" aria-describedby=\"caption-attachment-354\" style=\"width: 1024px\" class=\"wp-caption alignnone\"><img data-recalc-dims=\"1\" loading=\"lazy\" decoding=\"async\" data-attachment-id=\"354\" data-permalink=\"https:\/\/www.elprovencio.com\/turismo\/caminos-de-agua\/zancara\/\" data-orig-file=\"https:\/\/i0.wp.com\/www.elprovencio.com\/turismo\/wp-content\/uploads\/2024\/03\/Zancara.jpg?fit=1024%2C576&amp;ssl=1\" data-orig-size=\"1024,576\" data-comments-opened=\"1\" data-image-meta=\"{&quot;aperture&quot;:&quot;0&quot;,&quot;credit&quot;:&quot;&quot;,&quot;camera&quot;:&quot;&quot;,&quot;caption&quot;:&quot;&quot;,&quot;created_timestamp&quot;:&quot;0&quot;,&quot;copyright&quot;:&quot;&quot;,&quot;focal_length&quot;:&quot;0&quot;,&quot;iso&quot;:&quot;0&quot;,&quot;shutter_speed&quot;:&quot;0&quot;,&quot;title&quot;:&quot;&quot;,&quot;orientation&quot;:&quot;0&quot;}\" data-image-title=\"R\u00edo Zancara\" data-image-description=\"&lt;p&gt;R\u00edo Zancara&lt;\/p&gt;\n\" data-image-caption=\"&lt;p&gt;R\u00edo Zancara&lt;\/p&gt;\n\" data-medium-file=\"https:\/\/i0.wp.com\/www.elprovencio.com\/turismo\/wp-content\/uploads\/2024\/03\/Zancara.jpg?fit=300%2C169&amp;ssl=1\" data-large-file=\"https:\/\/i0.wp.com\/www.elprovencio.com\/turismo\/wp-content\/uploads\/2024\/03\/Zancara.jpg?fit=1024%2C576&amp;ssl=1\" tabindex=\"0\" role=\"button\" class=\"wp-image-354 size-full\" src=\"https:\/\/i0.wp.com\/www.elprovencio.com\/turismo\/wp-content\/uploads\/2024\/03\/Zancara.jpg?resize=1024%2C576&#038;ssl=1\" alt=\"R\u00edo Zancara\" width=\"1024\" height=\"576\" \/><figcaption id=\"caption-attachment-354\" class=\"wp-caption-text\">R\u00edo Zancara<\/figcaption><\/figure>\n<p>El Z\u00e1ncara, afluente importante del\u00a0<a href=\"https:\/\/frol0006.wixsite.com\/franjavierodlaguia\/giguela\" target=\"_blank\" rel=\"noreferrer noopener\">Gig\u00fcela<\/a>\u00a0por su margen izquierda, nace en tierras de la Obispal\u00eda de Cuenca. Pertenece a la confederaci\u00f3n del Guadiana y sus casi 186 kms por las provincias de Cuenca, Albacete y Ciudad Real lo hacen merecedor de ser un r\u00edo eminentemente manchego y delimita por el sur el origen de lo que fue el Com\u00fan de la Mancha.<\/p>\n<figure id=\"attachment_355\" aria-describedby=\"caption-attachment-355\" style=\"width: 1024px\" class=\"wp-caption alignnone\"><img data-recalc-dims=\"1\" loading=\"lazy\" decoding=\"async\" data-attachment-id=\"355\" data-permalink=\"https:\/\/www.elprovencio.com\/turismo\/caminos-de-agua\/zancara2\/\" data-orig-file=\"https:\/\/i0.wp.com\/www.elprovencio.com\/turismo\/wp-content\/uploads\/2024\/03\/Zancara2.jpg?fit=1024%2C576&amp;ssl=1\" data-orig-size=\"1024,576\" data-comments-opened=\"1\" data-image-meta=\"{&quot;aperture&quot;:&quot;0&quot;,&quot;credit&quot;:&quot;&quot;,&quot;camera&quot;:&quot;&quot;,&quot;caption&quot;:&quot;&quot;,&quot;created_timestamp&quot;:&quot;0&quot;,&quot;copyright&quot;:&quot;&quot;,&quot;focal_length&quot;:&quot;0&quot;,&quot;iso&quot;:&quot;0&quot;,&quot;shutter_speed&quot;:&quot;0&quot;,&quot;title&quot;:&quot;&quot;,&quot;orientation&quot;:&quot;0&quot;}\" data-image-title=\"R\u00edo Zancara\" data-image-description=\"&lt;p&gt;R\u00edo Zancara&lt;\/p&gt;\n\" data-image-caption=\"&lt;p&gt;R\u00edo Zancara&lt;\/p&gt;\n\" data-medium-file=\"https:\/\/i0.wp.com\/www.elprovencio.com\/turismo\/wp-content\/uploads\/2024\/03\/Zancara2.jpg?fit=300%2C169&amp;ssl=1\" data-large-file=\"https:\/\/i0.wp.com\/www.elprovencio.com\/turismo\/wp-content\/uploads\/2024\/03\/Zancara2.jpg?fit=1024%2C576&amp;ssl=1\" tabindex=\"0\" role=\"button\" class=\"wp-image-355 size-full\" src=\"https:\/\/i0.wp.com\/www.elprovencio.com\/turismo\/wp-content\/uploads\/2024\/03\/Zancara2.jpg?resize=1024%2C576&#038;ssl=1\" alt=\"R\u00edo Zancara\" width=\"1024\" height=\"576\" \/><figcaption id=\"caption-attachment-355\" class=\"wp-caption-text\">R\u00edo Zancara<\/figcaption><\/figure>\n<p>Es descrito como un l\u00edmite natural del origen de la Mancha. Antiguamente se defin\u00eda como r\u00edo de temporada, con poca agua durante los est\u00edos y muy cargado en los inviernos, muy dif\u00edcil de vadear en algunas zonas. Se formaban torcas por la fuerza que llevaba el agua que arrastraba la tierra de las orillas. Se formaban ci\u00e9nagas y lodazales donde los carros y los animales se quedaban atorados; pozas donde se hab\u00edan ahogado personas y animales.<\/p>\n<figure id=\"attachment_356\" aria-describedby=\"caption-attachment-356\" style=\"width: 1024px\" class=\"wp-caption alignnone\"><img data-recalc-dims=\"1\" loading=\"lazy\" decoding=\"async\" data-attachment-id=\"356\" data-permalink=\"https:\/\/www.elprovencio.com\/turismo\/caminos-de-agua\/marcelen\/\" data-orig-file=\"https:\/\/i0.wp.com\/www.elprovencio.com\/turismo\/wp-content\/uploads\/2024\/03\/Marcelen.jpg?fit=1024%2C768&amp;ssl=1\" data-orig-size=\"1024,768\" data-comments-opened=\"1\" data-image-meta=\"{&quot;aperture&quot;:&quot;0&quot;,&quot;credit&quot;:&quot;&quot;,&quot;camera&quot;:&quot;&quot;,&quot;caption&quot;:&quot;&quot;,&quot;created_timestamp&quot;:&quot;0&quot;,&quot;copyright&quot;:&quot;&quot;,&quot;focal_length&quot;:&quot;0&quot;,&quot;iso&quot;:&quot;0&quot;,&quot;shutter_speed&quot;:&quot;0&quot;,&quot;title&quot;:&quot;&quot;,&quot;orientation&quot;:&quot;0&quot;}\" data-image-title=\"Laguna de Marcel\u00e9n\" data-image-description=\"&lt;p&gt;Laguna de Marcel\u00e9n&lt;\/p&gt;\n\" data-image-caption=\"&lt;p&gt;Laguna de Marcel\u00e9n&lt;\/p&gt;\n\" data-medium-file=\"https:\/\/i0.wp.com\/www.elprovencio.com\/turismo\/wp-content\/uploads\/2024\/03\/Marcelen.jpg?fit=300%2C225&amp;ssl=1\" data-large-file=\"https:\/\/i0.wp.com\/www.elprovencio.com\/turismo\/wp-content\/uploads\/2024\/03\/Marcelen.jpg?fit=1024%2C768&amp;ssl=1\" tabindex=\"0\" role=\"button\" class=\"wp-image-356 size-full\" src=\"https:\/\/i0.wp.com\/www.elprovencio.com\/turismo\/wp-content\/uploads\/2024\/03\/Marcelen.jpg?resize=1024%2C768&#038;ssl=1\" alt=\"Laguna de Marcel\u00e9n\" width=\"1024\" height=\"768\" \/><figcaption id=\"caption-attachment-356\" class=\"wp-caption-text\">Laguna de Marcel\u00e9n<\/figcaption><\/figure>\n<p>Desde sus castillos y fortalezas en el tramo inicial podremos ver una gran cantidad y representaci\u00f3n de casas de encomienda y molinos; recorreremos importantes tramos de ca\u00f1adas y veredas de la Mesta; tambi\u00e9n seremos testigos de la huella que la romanizaci\u00f3n dej\u00f3 a trav\u00e9s de su arquitectura civil (puentes) y calzadas.<\/p>\n<figure id=\"attachment_358\" aria-describedby=\"caption-attachment-358\" style=\"width: 1024px\" class=\"wp-caption alignnone\"><img data-recalc-dims=\"1\" loading=\"lazy\" decoding=\"async\" data-attachment-id=\"358\" data-permalink=\"https:\/\/www.elprovencio.com\/turismo\/caminos-de-agua\/molino-agua\/\" data-orig-file=\"https:\/\/i0.wp.com\/www.elprovencio.com\/turismo\/wp-content\/uploads\/2024\/03\/Molino-Agua.jpg?fit=1024%2C576&amp;ssl=1\" data-orig-size=\"1024,576\" data-comments-opened=\"1\" data-image-meta=\"{&quot;aperture&quot;:&quot;0&quot;,&quot;credit&quot;:&quot;&quot;,&quot;camera&quot;:&quot;&quot;,&quot;caption&quot;:&quot;&quot;,&quot;created_timestamp&quot;:&quot;0&quot;,&quot;copyright&quot;:&quot;&quot;,&quot;focal_length&quot;:&quot;0&quot;,&quot;iso&quot;:&quot;0&quot;,&quot;shutter_speed&quot;:&quot;0&quot;,&quot;title&quot;:&quot;&quot;,&quot;orientation&quot;:&quot;0&quot;}\" data-image-title=\"Molino de Agua\" data-image-description=\"&lt;p&gt;Molino de Agua&lt;\/p&gt;\n\" data-image-caption=\"&lt;p&gt;Molino de Agua&lt;\/p&gt;\n\" data-medium-file=\"https:\/\/i0.wp.com\/www.elprovencio.com\/turismo\/wp-content\/uploads\/2024\/03\/Molino-Agua.jpg?fit=300%2C169&amp;ssl=1\" data-large-file=\"https:\/\/i0.wp.com\/www.elprovencio.com\/turismo\/wp-content\/uploads\/2024\/03\/Molino-Agua.jpg?fit=1024%2C576&amp;ssl=1\" tabindex=\"0\" role=\"button\" class=\"wp-image-358 size-full\" src=\"https:\/\/i0.wp.com\/www.elprovencio.com\/turismo\/wp-content\/uploads\/2024\/03\/Molino-Agua.jpg?resize=1024%2C576&#038;ssl=1\" alt=\"Molino de Agua\" width=\"1024\" height=\"576\" \/><figcaption id=\"caption-attachment-358\" class=\"wp-caption-text\">Molino de Agua<\/figcaption><\/figure>\n<figure class=\"wp-block-image size-large\"><\/figure>\n<figure class=\"wp-block-image size-large\"><\/figure>\n<p>Destaca, al igual que en otros r\u00edos, los complejos lagunares y zonas\u00a0<a href=\"https:\/\/areasprotegidas.castillalamancha.es\/otros-lugares-protegidos\/humedales-ramsar\" target=\"_blank\" rel=\"noreferrer noopener\">RAMSAR<\/a>\u00a0como la\u00a0<a href=\"http:\/\/www.humedalesdelamancha.es\/index.php\/es\/inicio-2\/78-noticias\/223-laguna-de-manjavacas-mota-del-cuervo-cuenca\" target=\"_blank\" rel=\"noreferrer noopener\">Laguna de Manjavacas<\/a>\u00a0y las\u00a0<a href=\"http:\/\/www.humedalesdelamancha.es\/index.php\/es\/noticias-2\/171-humedales-de-alcazar-de-san-juan-life-humedales-de-la-mancha\" target=\"_blank\" rel=\"noreferrer noopener\">Lagunas de Alc\u00e1zar de San Juan<\/a>.<\/p>\n<figure id=\"attachment_357\" aria-describedby=\"caption-attachment-357\" style=\"width: 1024px\" class=\"wp-caption alignnone\"><img data-recalc-dims=\"1\" loading=\"lazy\" decoding=\"async\" data-attachment-id=\"357\" data-permalink=\"https:\/\/www.elprovencio.com\/turismo\/caminos-de-agua\/santiago-torre3\/\" data-orig-file=\"https:\/\/i0.wp.com\/www.elprovencio.com\/turismo\/wp-content\/uploads\/2024\/03\/Santiago-Torre3.jpg?fit=1024%2C576&amp;ssl=1\" data-orig-size=\"1024,576\" data-comments-opened=\"1\" data-image-meta=\"{&quot;aperture&quot;:&quot;0&quot;,&quot;credit&quot;:&quot;&quot;,&quot;camera&quot;:&quot;&quot;,&quot;caption&quot;:&quot;&quot;,&quot;created_timestamp&quot;:&quot;0&quot;,&quot;copyright&quot;:&quot;&quot;,&quot;focal_length&quot;:&quot;0&quot;,&quot;iso&quot;:&quot;0&quot;,&quot;shutter_speed&quot;:&quot;0&quot;,&quot;title&quot;:&quot;&quot;,&quot;orientation&quot;:&quot;0&quot;}\" data-image-title=\"Santiago de la Torre\" data-image-description=\"&lt;p&gt;Santiago de la Torre&lt;\/p&gt;\n\" data-image-caption=\"&lt;p&gt;Santiago de la Torre&lt;\/p&gt;\n\" data-medium-file=\"https:\/\/i0.wp.com\/www.elprovencio.com\/turismo\/wp-content\/uploads\/2024\/03\/Santiago-Torre3.jpg?fit=300%2C169&amp;ssl=1\" data-large-file=\"https:\/\/i0.wp.com\/www.elprovencio.com\/turismo\/wp-content\/uploads\/2024\/03\/Santiago-Torre3.jpg?fit=1024%2C576&amp;ssl=1\" tabindex=\"0\" role=\"button\" class=\"wp-image-357 size-full\" src=\"https:\/\/i0.wp.com\/www.elprovencio.com\/turismo\/wp-content\/uploads\/2024\/03\/Santiago-Torre3.jpg?resize=1024%2C576&#038;ssl=1\" alt=\"Santiago de la Torre\" width=\"1024\" height=\"576\" \/><figcaption id=\"caption-attachment-357\" class=\"wp-caption-text\">Santiago de la Torre<\/figcaption><\/figure>\n<p>Llama la atenci\u00f3n las grandes extensiones de vi\u00f1edo que se atraviesan lo que hace de este r\u00edo un claro ejemplo de v\u00eda de comunicaci\u00f3n vinculada a la cultura del vino.<\/p>\n<p>Sin duda una ruta que cada a\u00f1o engancha a m\u00e1s adeptos al senderismo y a disfrutar de la naturaleza y del inconmensurable <strong>castillo de Santiago de la Torre<\/strong>.<\/p>\n<\/div>\n<\/div>\n","protected":false},"excerpt":{"rendered":"<div class=\"mh-excerpt\"><p>Cada a\u00f1o en el mes de noviembre realizamos la ruta de senderismo Celtiberia. Una ruta sencilla de unos 8 km donde toma protagonismo nuestro r\u00edo <a class=\"mh-excerpt-more\" href=\"https:\/\/www.elprovencio.com\/turismo\/caminos-de-agua\/\" title=\"Caminos de agua\">[&#8230;]<\/a><\/p>\n<\/div>","protected":false},"author":1,"featured_media":0,"parent":0,"menu_order":0,"comment_status":"closed","ping_status":"closed","template":"template-full.php","meta":{"footnotes":""},"class_list":["post-62","page","type-page","status-publish","hentry"],"aioseo_notices":[],"jetpack_sharing_enabled":true,"rttpg_featured_image_url":null,"rttpg_author":{"display_name":"Triguero","author_link":"https:\/\/www.elprovencio.com\/turismo\/author\/triguero\/"},"rttpg_comment":0,"rttpg_category":null,"rttpg_excerpt":"Cada a\u00f1o en el mes de noviembre realizamos la ruta de senderismo Celtiberia. Una ruta sencilla de unos 8 km donde toma protagonismo nuestro r\u00edo [...]","_links":{"self":[{"href":"https:\/\/www.elprovencio.com\/turismo\/wp-json\/wp\/v2\/pages\/62","targetHints":{"allow":["GET"]}}],"collection":[{"href":"https:\/\/www.elprovencio.com\/turismo\/wp-json\/wp\/v2\/pages"}],"about":[{"href":"https:\/\/www.elprovencio.com\/turismo\/wp-json\/wp\/v2\/types\/page"}],"author":[{"embeddable":true,"href":"https:\/\/www.elprovencio.com\/turismo\/wp-json\/wp\/v2\/users\/1"}],"replies":[{"embeddable":true,"href":"https:\/\/www.elprovencio.com\/turismo\/wp-json\/wp\/v2\/comments?post=62"}],"version-history":[{"count":0,"href":"https:\/\/www.elprovencio.com\/turismo\/wp-json\/wp\/v2\/pages\/62\/revisions"}],"wp:attachment":[{"href":"https:\/\/www.elprovencio.com\/turismo\/wp-json\/wp\/v2\/media?parent=62"}],"curies":[{"name":"wp","href":"https:\/\/api.w.org\/{rel}","templated":true}]}}