{"id":679,"date":"2024-04-09T14:39:34","date_gmt":"2024-04-09T12:39:34","guid":{"rendered":"https:\/\/www.elprovencio.com\/turismo\/?page_id=679"},"modified":"2024-04-09T20:13:17","modified_gmt":"2024-04-09T18:13:17","slug":"camino-del-sureste","status":"publish","type":"page","link":"https:\/\/www.elprovencio.com\/turismo\/camino-del-sureste\/","title":{"rendered":"Camino del Sureste"},"content":{"rendered":"<p>El <strong>Camino del Sureste<\/strong> sigue la ruta trazada del Camino descrito en 1546 por el correo real Pedro Juan Villuga en su obra: <em>Repertorio de todos los caminos de Espa\u00f1a, hasta agora nunca visto en el cual allar\u00e1n cualquier viaje que quieran andar muy provechoso para todos los caminantes<\/em><em>,<\/em>\u00a0en la cual se describe el itinerario entre Alicante y Santiago de Compostela, que a su vez es herencia de los caminos medievales hispanos.<\/p>\n<p>El Camino tiene origen en tres localidades, Valencia, Alicante y Cartagena, cuyos recorridos se unen en Albacete, para continuar hacia Toledo, \u00c1vila y Salamanca. Este camino se une con la V\u00eda de la Plata en Zamora y con el Camino Franc\u00e9s, en Astorga. Teniendo una longitud total de 1.360 kil\u00f3metros, divididos en 83 etapas.<\/p>\n<h2>Itinerario por El Provencio<\/h2>\n<p><em><strong>Minaya &#8211; El Provencio<\/strong><\/em><\/p>\n<p>Cruzamos el r\u00edo Rus y entramos en el barrio de San Crist\u00f3bal, en una zona conocida como Entre R\u00edos pues inmediatamente cruzamos el r\u00edo Z\u00e1ncara, por el Puente Real, junto a la plaza de toros de El Provencio, entrando en la poblaci\u00f3n por la calle de Don Eugenio Lahiguera que nos conduce hasta la Plaza de los Alcaldes, donde se encuentra ubicado el ayuntamiento y desde \u00e9l, por la calle de la Iglesia, a la plaza en la que se sit\u00faa la Iglesia Parroquial de Nuestra Se\u00f1ora de la Asunci\u00f3n, final de la etapa (Minaya-El Provencio).<\/p>\n<p><em><strong>El Provencio &#8211; Las Mesas<\/strong><\/em><\/p>\n<p>Partiremos desde la iglesia de Nuestra Se\u00f1ora de la Asunci\u00f3n, tomando por la calle Iglesia y, tras atravesar la calle Tercia, por la calle Pocico que nos sacar\u00e1 de la poblaci\u00f3n para tomar el Camino Mesas, ya en los \u00faltimos chalets se convertir\u00e1 en una pista de tierra e inmediatamente nos encontramos con una bifuraci\u00f3n en la que tomaremos por la derecha.<\/p>\n<p>Pasamos la vaguada que conforma la Huerta de Funes y que nos permite salvar un arroyuelo y continuamos siempre por la pista m\u00e1s clara, por el Camino de Provencio a Las Mesas, entre campos de vi\u00f1edos, hasta alcanzar un bosque de pinos en el que nos introducimos, continuamos siempre de frente, obviando los posibles desv\u00edos que vayan saliendo a nuestro encuentro. Poco despu\u00e9s de salir del bosque iniciamos un descenso continuo que nos llevar\u00e1, primero hasta la Casa del Cristo, donde el Camino rodea la finca entre una encrucijada de sendas de las que tenemos que seguir de frente al sentido que tra\u00edamos. Seguimos descendiendo hasta la Ca\u00f1ada de Altobar, desde la que nos acercamos al arroyo de la Carrasquilla y continuamos junto a su curso un trecho abandon\u00e1ndolo para dirigirnos hacia Las Mesas.<\/p>\n<p>Cruzamos un arroyo e iniciamos un repecho tras el cual nos queda un corto paseo hasta Las Mesas a la que entramos por la calle de Jose Mar\u00eda Perona hasta alcanzar la Plaza de Espa\u00f1a, junto a la iglesia parroquial de Nuestra Se\u00f1ora de la Asunci\u00f3n.<\/p>\n<h2>Peregrinos a su paso por El Provencio<\/h2>\n<p>Pese a ser un Camino poco conocido, no lo hace menos importante, ya que son unos 100 los peregrinos que cada a\u00f1o pasan por nuestro municipio de camino a Santiago.<\/p>\n<p>Siendo su origen la zona de levante, es muy habitual que la mayor\u00eda de los peregrinos sean extranjeros. En 2019 hac\u00edamos un registro de las visitas de ese a\u00f1o con un total de<span class=\"x193iq5w xeuugli x13faqbe x1vvkbs x1xmvt09 x1lliihq x1s928wv xhkezso x1gmr53x x1cpjm7i x1fgarty x1943h6x xudqn12 x3x7a5m x6prxxf xvq8zen xo1l8bm xzsf02u x1yc453h\" dir=\"auto\"> 75 peregrinos: 61 hombres, 13 mujeres y un ni\u00f1o, llegados desde lugares tan dispares como Inglaterra, Italia, Escocia, Holanda, Francia, M\u00e9xico, Suiza, Estados Unidos, Australia, Gales, B\u00e9lgica, Dinamarca, Canad\u00e1, Alemania y por supuesto Espa\u00f1a. El mayor de ellos con 77 a\u00f1os, desde Portugalete y el m\u00e1s peque\u00f1o, un joven estadounidense de tan solo 1 a\u00f1ito. <\/span><\/p>\n<div data-carousel-extra='{\"blog_id\":1,\"permalink\":\"https:\\\/\\\/www.elprovencio.com\\\/turismo\\\/camino-del-sureste\\\/\"}' id='gallery-1' class='gallery galleryid-679 gallery-columns-3 gallery-size-thumbnail'><figure class='gallery-item'>\n\t\t\t<div class='gallery-icon landscape'>\n\t\t\t\t<a href='https:\/\/www.elprovencio.com\/turismo\/camino-del-sureste\/peregrino5\/'><img loading=\"lazy\" decoding=\"async\" width=\"150\" height=\"150\" src=\"https:\/\/i0.wp.com\/www.elprovencio.com\/turismo\/wp-content\/uploads\/2024\/04\/Peregrino5.jpg?resize=150%2C150&amp;ssl=1\" class=\"attachment-thumbnail size-thumbnail\" alt=\"\" data-attachment-id=\"683\" data-permalink=\"https:\/\/www.elprovencio.com\/turismo\/camino-del-sureste\/peregrino5\/\" data-orig-file=\"https:\/\/i0.wp.com\/www.elprovencio.com\/turismo\/wp-content\/uploads\/2024\/04\/Peregrino5.jpg?fit=1024%2C765&amp;ssl=1\" data-orig-size=\"1024,765\" data-comments-opened=\"1\" data-image-meta=\"{&quot;aperture&quot;:&quot;0&quot;,&quot;credit&quot;:&quot;&quot;,&quot;camera&quot;:&quot;&quot;,&quot;caption&quot;:&quot;&quot;,&quot;created_timestamp&quot;:&quot;0&quot;,&quot;copyright&quot;:&quot;&quot;,&quot;focal_length&quot;:&quot;0&quot;,&quot;iso&quot;:&quot;0&quot;,&quot;shutter_speed&quot;:&quot;0&quot;,&quot;title&quot;:&quot;&quot;,&quot;orientation&quot;:&quot;0&quot;}\" data-image-title=\"Peregrino5\" data-image-description=\"\" data-image-caption=\"\" data-medium-file=\"https:\/\/i0.wp.com\/www.elprovencio.com\/turismo\/wp-content\/uploads\/2024\/04\/Peregrino5.jpg?fit=300%2C224&amp;ssl=1\" data-large-file=\"https:\/\/i0.wp.com\/www.elprovencio.com\/turismo\/wp-content\/uploads\/2024\/04\/Peregrino5.jpg?fit=1024%2C765&amp;ssl=1\" tabindex=\"0\" role=\"button\" \/><\/a>\n\t\t\t<\/div><\/figure><figure class='gallery-item'>\n\t\t\t<div class='gallery-icon landscape'>\n\t\t\t\t<a href='https:\/\/www.elprovencio.com\/turismo\/camino-del-sureste\/peregrino4\/'><img loading=\"lazy\" decoding=\"async\" width=\"150\" height=\"150\" src=\"https:\/\/i0.wp.com\/www.elprovencio.com\/turismo\/wp-content\/uploads\/2024\/04\/Peregrino4.jpg?resize=150%2C150&amp;ssl=1\" class=\"attachment-thumbnail size-thumbnail\" alt=\"\" data-attachment-id=\"684\" data-permalink=\"https:\/\/www.elprovencio.com\/turismo\/camino-del-sureste\/peregrino4\/\" data-orig-file=\"https:\/\/i0.wp.com\/www.elprovencio.com\/turismo\/wp-content\/uploads\/2024\/04\/Peregrino4.jpg?fit=1024%2C765&amp;ssl=1\" data-orig-size=\"1024,765\" data-comments-opened=\"1\" data-image-meta=\"{&quot;aperture&quot;:&quot;0&quot;,&quot;credit&quot;:&quot;&quot;,&quot;camera&quot;:&quot;&quot;,&quot;caption&quot;:&quot;&quot;,&quot;created_timestamp&quot;:&quot;0&quot;,&quot;copyright&quot;:&quot;&quot;,&quot;focal_length&quot;:&quot;0&quot;,&quot;iso&quot;:&quot;0&quot;,&quot;shutter_speed&quot;:&quot;0&quot;,&quot;title&quot;:&quot;&quot;,&quot;orientation&quot;:&quot;0&quot;}\" data-image-title=\"Peregrino4\" data-image-description=\"\" data-image-caption=\"\" data-medium-file=\"https:\/\/i0.wp.com\/www.elprovencio.com\/turismo\/wp-content\/uploads\/2024\/04\/Peregrino4.jpg?fit=300%2C224&amp;ssl=1\" data-large-file=\"https:\/\/i0.wp.com\/www.elprovencio.com\/turismo\/wp-content\/uploads\/2024\/04\/Peregrino4.jpg?fit=1024%2C765&amp;ssl=1\" tabindex=\"0\" role=\"button\" \/><\/a>\n\t\t\t<\/div><\/figure><figure class='gallery-item'>\n\t\t\t<div class='gallery-icon landscape'>\n\t\t\t\t<a href='https:\/\/www.elprovencio.com\/turismo\/camino-del-sureste\/peregrino2\/'><img loading=\"lazy\" decoding=\"async\" width=\"150\" height=\"150\" src=\"https:\/\/i0.wp.com\/www.elprovencio.com\/turismo\/wp-content\/uploads\/2024\/04\/Peregrino2.jpg?resize=150%2C150&amp;ssl=1\" class=\"attachment-thumbnail size-thumbnail\" alt=\"\" data-attachment-id=\"685\" data-permalink=\"https:\/\/www.elprovencio.com\/turismo\/camino-del-sureste\/peregrino2\/\" data-orig-file=\"https:\/\/i0.wp.com\/www.elprovencio.com\/turismo\/wp-content\/uploads\/2024\/04\/Peregrino2.jpg?fit=1024%2C765&amp;ssl=1\" data-orig-size=\"1024,765\" data-comments-opened=\"1\" data-image-meta=\"{&quot;aperture&quot;:&quot;0&quot;,&quot;credit&quot;:&quot;&quot;,&quot;camera&quot;:&quot;&quot;,&quot;caption&quot;:&quot;&quot;,&quot;created_timestamp&quot;:&quot;0&quot;,&quot;copyright&quot;:&quot;&quot;,&quot;focal_length&quot;:&quot;0&quot;,&quot;iso&quot;:&quot;0&quot;,&quot;shutter_speed&quot;:&quot;0&quot;,&quot;title&quot;:&quot;&quot;,&quot;orientation&quot;:&quot;0&quot;}\" data-image-title=\"Peregrino2\" data-image-description=\"\" data-image-caption=\"\" data-medium-file=\"https:\/\/i0.wp.com\/www.elprovencio.com\/turismo\/wp-content\/uploads\/2024\/04\/Peregrino2.jpg?fit=300%2C224&amp;ssl=1\" data-large-file=\"https:\/\/i0.wp.com\/www.elprovencio.com\/turismo\/wp-content\/uploads\/2024\/04\/Peregrino2.jpg?fit=1024%2C765&amp;ssl=1\" tabindex=\"0\" role=\"button\" \/><\/a>\n\t\t\t<\/div><\/figure><figure class='gallery-item'>\n\t\t\t<div class='gallery-icon landscape'>\n\t\t\t\t<a href='https:\/\/www.elprovencio.com\/turismo\/camino-del-sureste\/peregrino\/'><img loading=\"lazy\" decoding=\"async\" width=\"150\" height=\"150\" src=\"https:\/\/i0.wp.com\/www.elprovencio.com\/turismo\/wp-content\/uploads\/2024\/04\/Peregrino.jpg?resize=150%2C150&amp;ssl=1\" class=\"attachment-thumbnail size-thumbnail\" alt=\"\" data-attachment-id=\"686\" data-permalink=\"https:\/\/www.elprovencio.com\/turismo\/camino-del-sureste\/peregrino\/\" data-orig-file=\"https:\/\/i0.wp.com\/www.elprovencio.com\/turismo\/wp-content\/uploads\/2024\/04\/Peregrino.jpg?fit=1024%2C749&amp;ssl=1\" data-orig-size=\"1024,749\" data-comments-opened=\"1\" data-image-meta=\"{&quot;aperture&quot;:&quot;0&quot;,&quot;credit&quot;:&quot;&quot;,&quot;camera&quot;:&quot;&quot;,&quot;caption&quot;:&quot;&quot;,&quot;created_timestamp&quot;:&quot;0&quot;,&quot;copyright&quot;:&quot;&quot;,&quot;focal_length&quot;:&quot;0&quot;,&quot;iso&quot;:&quot;0&quot;,&quot;shutter_speed&quot;:&quot;0&quot;,&quot;title&quot;:&quot;&quot;,&quot;orientation&quot;:&quot;0&quot;}\" data-image-title=\"Peregrino\" data-image-description=\"\" data-image-caption=\"\" data-medium-file=\"https:\/\/i0.wp.com\/www.elprovencio.com\/turismo\/wp-content\/uploads\/2024\/04\/Peregrino.jpg?fit=300%2C219&amp;ssl=1\" data-large-file=\"https:\/\/i0.wp.com\/www.elprovencio.com\/turismo\/wp-content\/uploads\/2024\/04\/Peregrino.jpg?fit=1024%2C749&amp;ssl=1\" tabindex=\"0\" role=\"button\" \/><\/a>\n\t\t\t<\/div><\/figure><figure class='gallery-item'>\n\t\t\t<div class='gallery-icon landscape'>\n\t\t\t\t<a href='https:\/\/www.elprovencio.com\/turismo\/camino-del-sureste\/peregrino3\/'><img loading=\"lazy\" decoding=\"async\" width=\"150\" height=\"150\" src=\"https:\/\/i0.wp.com\/www.elprovencio.com\/turismo\/wp-content\/uploads\/2024\/04\/Peregrino3.jpg?resize=150%2C150&amp;ssl=1\" class=\"attachment-thumbnail size-thumbnail\" alt=\"\" data-attachment-id=\"687\" data-permalink=\"https:\/\/www.elprovencio.com\/turismo\/camino-del-sureste\/peregrino3\/\" data-orig-file=\"https:\/\/i0.wp.com\/www.elprovencio.com\/turismo\/wp-content\/uploads\/2024\/04\/Peregrino3.jpg?fit=1024%2C765&amp;ssl=1\" data-orig-size=\"1024,765\" data-comments-opened=\"1\" data-image-meta=\"{&quot;aperture&quot;:&quot;0&quot;,&quot;credit&quot;:&quot;&quot;,&quot;camera&quot;:&quot;&quot;,&quot;caption&quot;:&quot;&quot;,&quot;created_timestamp&quot;:&quot;0&quot;,&quot;copyright&quot;:&quot;&quot;,&quot;focal_length&quot;:&quot;0&quot;,&quot;iso&quot;:&quot;0&quot;,&quot;shutter_speed&quot;:&quot;0&quot;,&quot;title&quot;:&quot;&quot;,&quot;orientation&quot;:&quot;0&quot;}\" data-image-title=\"Peregrino3\" data-image-description=\"\" data-image-caption=\"\" data-medium-file=\"https:\/\/i0.wp.com\/www.elprovencio.com\/turismo\/wp-content\/uploads\/2024\/04\/Peregrino3.jpg?fit=300%2C224&amp;ssl=1\" data-large-file=\"https:\/\/i0.wp.com\/www.elprovencio.com\/turismo\/wp-content\/uploads\/2024\/04\/Peregrino3.jpg?fit=1024%2C765&amp;ssl=1\" tabindex=\"0\" role=\"button\" \/><\/a>\n\t\t\t<\/div><\/figure>\n\t\t<\/div>\n\n<p>Y todo esto es posible sin duda al trabajo de nuestro conserje y hospitalero Manolo, que se encarga de acoger a los peregrinos que nos visitas y acompa\u00f1arlos hasta al pabell\u00f3n donde puede pernoctar para continuar con sus viaje.<\/p>\n","protected":false},"excerpt":{"rendered":"<div class=\"mh-excerpt\"><p>El Camino del Sureste sigue la ruta trazada del Camino descrito en 1546 por el correo real Pedro Juan Villuga en su obra: Repertorio de <a class=\"mh-excerpt-more\" href=\"https:\/\/www.elprovencio.com\/turismo\/camino-del-sureste\/\" title=\"Camino del Sureste\">[&#8230;]<\/a><\/p>\n<\/div>","protected":false},"author":1,"featured_media":0,"parent":0,"menu_order":0,"comment_status":"closed","ping_status":"closed","template":"template-full.php","meta":{"footnotes":""},"class_list":["post-679","page","type-page","status-publish","hentry"],"aioseo_notices":[],"jetpack_sharing_enabled":true,"rttpg_featured_image_url":null,"rttpg_author":{"display_name":"Triguero","author_link":"https:\/\/www.elprovencio.com\/turismo\/author\/triguero\/"},"rttpg_comment":0,"rttpg_category":null,"rttpg_excerpt":"El Camino del Sureste sigue la ruta trazada del Camino descrito en 1546 por el correo real Pedro Juan Villuga en su obra: Repertorio de [...]","_links":{"self":[{"href":"https:\/\/www.elprovencio.com\/turismo\/wp-json\/wp\/v2\/pages\/679","targetHints":{"allow":["GET"]}}],"collection":[{"href":"https:\/\/www.elprovencio.com\/turismo\/wp-json\/wp\/v2\/pages"}],"about":[{"href":"https:\/\/www.elprovencio.com\/turismo\/wp-json\/wp\/v2\/types\/page"}],"author":[{"embeddable":true,"href":"https:\/\/www.elprovencio.com\/turismo\/wp-json\/wp\/v2\/users\/1"}],"replies":[{"embeddable":true,"href":"https:\/\/www.elprovencio.com\/turismo\/wp-json\/wp\/v2\/comments?post=679"}],"version-history":[{"count":4,"href":"https:\/\/www.elprovencio.com\/turismo\/wp-json\/wp\/v2\/pages\/679\/revisions"}],"predecessor-version":[{"id":682,"href":"https:\/\/www.elprovencio.com\/turismo\/wp-json\/wp\/v2\/pages\/679\/revisions\/682"}],"wp:attachment":[{"href":"https:\/\/www.elprovencio.com\/turismo\/wp-json\/wp\/v2\/media?parent=679"}],"curies":[{"name":"wp","href":"https:\/\/api.w.org\/{rel}","templated":true}]}}